{"id":1301,"date":"2025-09-20T21:45:40","date_gmt":"2025-09-20T21:45:40","guid":{"rendered":"https:\/\/staging.carillons053.nl\/?page_id=1301"},"modified":"2026-03-15T17:47:31","modified_gmt":"2026-03-15T17:47:31","slug":"programma-3-oktober-2025","status":"publish","type":"page","link":"https:\/\/carillons053.nl\/en\/programma-3-oktober-2025\/","title":{"rendered":"Programme October 3, 2025"},"content":{"rendered":"<p>On Friday, October 3, at 12:30 PM, a special Carillon Festival took place on the campus of the University of Twente. Students, staff, and alumni, along with pupils from grades 3 through 8 of primary school <em>De Zonnewijzer <\/em>in Enschede, provided an internationally themed performance on the Campus Carillon.<\/p>\n\n\n\n<p>The 14 songs performed during the event are from the countries where pupils of <em>De Zonnewijzer<\/em> or their parents were born. Several other international children's songs, also suggested by residents of Enschede, were added to this selection.<\/p>\n\n\n\n<p>Under the guidance of music teacher Silke Oude Elberink, the pupils worked hard to learn the songs for the Carillon Festival. They sang along to the carillon music and used boomwhackers or body percussion. About 170 children participated. The audience consisted of over 100 parents and other interested parties.<\/p>\n\n\n\nngg_shortcode_0_placeholder\n\n\n\n<p><em>1Twente<\/em> made the following report: \"<a href=\"https:\/\/www.1twente.nl\/artikel\/5804423\/enschedese-leerlingen-zingen-mee-met-internationale-kinderliedjes-tijdens-carillonfestijn-zo-leren-ze-nieuwe-culturen-kennen\" type=\"link\" id=\"https:\/\/www.1twente.nl\/artikel\/5804423\/enschedese-leerlingen-zingen-mee-met-internationale-kinderliedjes-tijdens-carillonfestijn-zo-leren-ze-nieuwe-culturen-kennen\" target=\"_blank\" rel=\"noreferrer noopener nofollow\">Enschedese leerlingen zingen mee met internationale kinderliedjes tijdens Carillonfestijn: Zo leren ze nieuwe culturen kennen<\/a>\".<\/p>\n\n\n\n<p>1. \u201c\u6708\u4eae\u4ee3\u8868\u6211\u7684\u5fc3 (The Moon Represents My Heart)&#8221; &#8211; <a href=\"https:\/\/carillons053.nl\/en\/china\/\">China<\/a> (Esther Schopman)<\/p>\n\n\n\n<p>2. \u201cDni Kt\u00f3rych Nie Znamy&#8221; &#8211; <a href=\"https:\/\/carillons053.nl\/en\/polen\/\">Poland<\/a> (Esther Schopman)<\/p>\n\n\n\n<p>3. \u201cAlle Kleuren van de regenboog\u201d &#8211; <a href=\"https:\/\/carillons053.nl\/en\/belgie\/\">Belgium<\/a> (groep 3 t\/m 8 &#8211; Esther Schopman)<\/p>\n\n\n\n<p>4. \u201cJambo Bwana&#8221; &#8211; <a href=\"https:\/\/carillons053.nl\/en\/kenia\/\">Kenya<\/a> (groep 7 en 8 &#8211; Luc Dekker en Esther Schopman)<\/p>\n\n\n\n<p>5. \u201cTwinkle, twinkle, little star&#8221; &#8211; <a href=\"https:\/\/carillons053.nl\/en\/verenigd_koninkrijk\/\">United Kingdom<\/a> (groep 5 &#8211; Esther Schopman)<\/p>\n\n\n\n<p>6. \u201c\u064a\u0627 \u062d\u064a\u0627 \u0628\u0631\u0645\u0636\u0627\u0646\u0629 (Ya haya Ramadan)&#8221; &#8211; <a href=\"https:\/\/carillons053.nl\/en\/jemen\/\">Yemen<\/a> (grade 6 t\/m 8 \u2013 Esther Schopman)<\/p>\n\n\n\n<p>7. \u201c\u062f\u0644 \u062f\u0644 \u067e\u0627\u06a9\u0633\u062a\u0627\u0646 (Dil Dil Pakistan)&#8221; &#8211; <a href=\"https:\/\/carillons053.nl\/en\/pakistan\/\">Pakistan<\/a> (grade 6 \u2013 Esther Schopman)<\/p>\n\n\n\n<p>8. \u201cDeze vuist op deze vuist&#8221; &#8211; <a href=\"https:\/\/carillons053.nl\/en\/nederland\/\">The Netherlands<\/a> (groep 3 t\/m 5 &#8211; Esther Schopman)<\/p>\n\n\n\n<p>9. \u201c<a href=\"https:\/\/carillons053.nl\/en\/syrie\/\">\u0634\u0627\u0637\u0631 \u0634\u0627\u0637\u0631<\/a> (Shater Shater)&#8221; &#8211; <a href=\"https:\/\/carillons053.nl\/en\/syrie\/\">Syria<\/a> (grade 7 en Minka Geelen)<\/p>\n\n\n\n<p>10. \u201cMi Rowsu \/ Tuintje in mijn hart&#8221; &#8211; <a href=\"https:\/\/carillons053.nl\/en\/suriname\/\">Suriname<\/a> (grade 6 t\/m 8 \u2013 Esther Schopman)<\/p>\n\n\n\n<p>11. \u201cM\u1ed9t con v\u1ecbt&#8221; &#8211; <a href=\"https:\/\/carillons053.nl\/en\/vietnam\/\">Vietnam<\/a> (grade 4 \u2013 Marlize Kramer)<\/p>\n\n\n\n<p>12. \u201c99 Luftballons&#8221; &#8211; <a href=\"https:\/\/carillons053.nl\/en\/duitsland\/\">Germany<\/a> (grade 8 \u2013 Hylke Banning en Esther Schopman)<\/p>\n\n\n\n<p>13. \u201cPr\u0161\u00ed, pr\u0161\u00ed, len sa leje&#8221; &#8211; <a href=\"https:\/\/carillons053.nl\/en\/slowakije\/\">Slovakia<\/a> (groep 3 t\/m 5 &#8211; Johan Verzijden en Esther Schopman)<\/p>\n\n\n\n<p>14. \u201cO lume minunat\u0103&#8221; &#8211; <a href=\"https:\/\/carillons053.nl\/en\/roemenie\/\">Romania<\/a> (Johan Verzijden and Esther Schopman)<\/p>\n\n\n\n<p>15. &#8220;Per Spelmann&#8221; &#8211; <a href=\"https:\/\/carillons053.nl\/en\/noorwegen\/\">Norway<\/a> (Tom Erik Pedersen)<\/p>\n\n\n\n<figure class=\"wp-block-image size-large\"><img loading=\"lazy\" decoding=\"async\" width=\"1024\" height=\"167\" src=\"https:\/\/carillons053.nl\/wp-content\/uploads\/2026\/02\/logo_fonds_2-1024x167.jpg\" alt=\"\" class=\"wp-image-2142\" srcset=\"https:\/\/carillons053.nl\/wp-content\/uploads\/2026\/02\/logo_fonds_2-1024x167.jpg 1024w, https:\/\/carillons053.nl\/wp-content\/uploads\/2026\/02\/logo_fonds_2-300x49.jpg 300w, https:\/\/carillons053.nl\/wp-content\/uploads\/2026\/02\/logo_fonds_2-768x125.jpg 768w, https:\/\/carillons053.nl\/wp-content\/uploads\/2026\/02\/logo_fonds_2-1536x250.jpg 1536w, https:\/\/carillons053.nl\/wp-content\/uploads\/2026\/02\/logo_fonds_2-2048x334.jpg 2048w, https:\/\/carillons053.nl\/wp-content\/uploads\/2026\/02\/logo_fonds_2-18x3.jpg 18w\" sizes=\"auto, (max-width: 1024px) 100vw, 1024px\" \/><\/figure>\n\n\n\n<figure class=\"wp-block-image size-large\"><img loading=\"lazy\" decoding=\"async\" width=\"1024\" height=\"167\" src=\"https:\/\/carillons053.nl\/wp-content\/uploads\/2025\/02\/Enschede700_liggend_k-1024x167.jpg\" alt=\"\" class=\"wp-image-220\" srcset=\"https:\/\/carillons053.nl\/wp-content\/uploads\/2025\/02\/Enschede700_liggend_k-1024x167.jpg 1024w, https:\/\/carillons053.nl\/wp-content\/uploads\/2025\/02\/Enschede700_liggend_k-300x49.jpg 300w, https:\/\/carillons053.nl\/wp-content\/uploads\/2025\/02\/Enschede700_liggend_k-768x125.jpg 768w, https:\/\/carillons053.nl\/wp-content\/uploads\/2025\/02\/Enschede700_liggend_k-1536x250.jpg 1536w, https:\/\/carillons053.nl\/wp-content\/uploads\/2025\/02\/Enschede700_liggend_k-2048x334.jpg 2048w, https:\/\/carillons053.nl\/wp-content\/uploads\/2025\/02\/Enschede700_liggend_k-18x3.jpg 18w\" sizes=\"auto, (max-width: 1024px) 100vw, 1024px\" \/><\/figure>","protected":false},"excerpt":{"rendered":"<p>Op vrijdag 3 oktober om 12:30 uur vond een bijzonder Carillonfestijn plaats op de campus van de Universiteit Twente. Studenten, medewerkers en alumni van de Universiteit Twente verzorgden samen met de leerlingen uit groep 3 t\/m 8 van basisschool De Zonnewijzer uit Enschede een internationaal getint optreden op de CampusBeiaard. De 14 liedjes die tijdens &hellip; <a href=\"https:\/\/carillons053.nl\/en\/programma-3-oktober-2025\/\" class=\"more-link\">Continue reading <span class=\"screen-reader-text\">Programme October 3, 2025<\/span> <span class=\"meta-nav\">&rarr;<\/span><\/a><\/p>","protected":false},"author":2,"featured_media":0,"parent":0,"menu_order":0,"comment_status":"closed","ping_status":"closed","template":"","meta":{"_acf_changed":false,"ngg_post_thumbnail":0,"_themeisle_gutenberg_block_has_review":false,"footnotes":""},"class_list":["post-1301","page","type-page","status-publish","hentry"],"acf":[],"yoast_head":"<!-- This site is optimized with the Yoast SEO plugin v27.4 - https:\/\/yoast.com\/product\/yoast-seo-wordpress\/ -->\n<title>Programma 3 oktober 2025 - Stichting Enschedese Carillons<\/title>\n<meta name=\"robots\" content=\"noindex, follow, max-snippet:-1, max-image-preview:large, max-video-preview:-1\" \/>\n<meta property=\"og:locale\" content=\"en_US\" \/>\n<meta property=\"og:type\" content=\"article\" \/>\n<meta property=\"og:title\" content=\"Programma 3 oktober 2025 - Stichting Enschedese Carillons\" \/>\n<meta property=\"og:description\" content=\"Op vrijdag 3 oktober om 12:30 uur vond een bijzonder Carillonfestijn plaats op de campus van de Universiteit Twente. Studenten, medewerkers en alumni van de Universiteit Twente verzorgden samen met de leerlingen uit groep 3 t\/m 8 van basisschool De Zonnewijzer uit Enschede een internationaal getint optreden op de CampusBeiaard. De 14 liedjes die tijdens &hellip; Continue reading Programma 3 oktober 2025 &rarr;\" \/>\n<meta property=\"og:url\" content=\"https:\/\/carillons053.nl\/en\/programma-3-oktober-2025\/\" \/>\n<meta property=\"og:site_name\" content=\"Stichting Enschedese Carillons\" \/>\n<meta property=\"article:modified_time\" content=\"2026-03-15T17:47:31+00:00\" \/>\n<meta property=\"og:image\" content=\"https:\/\/carillons053.nl\/wp-content\/uploads\/2026\/02\/logo_fonds_2-1024x167.jpg\" \/>\n<meta name=\"twitter:card\" content=\"summary_large_image\" \/>\n<meta name=\"twitter:label1\" content=\"Est. reading time\" \/>\n\t<meta name=\"twitter:data1\" content=\"3 minutes\" \/>\n<script type=\"application\/ld+json\" class=\"yoast-schema-graph\">{\"@context\":\"https:\\\/\\\/schema.org\",\"@graph\":[{\"@type\":\"WebPage\",\"@id\":\"https:\\\/\\\/carillons053.nl\\\/programma-3-oktober-2025\\\/\",\"url\":\"https:\\\/\\\/carillons053.nl\\\/programma-3-oktober-2025\\\/\",\"name\":\"Programma 3 oktober 2025 - Stichting Enschedese Carillons\",\"isPartOf\":{\"@id\":\"https:\\\/\\\/carillons053.nl\\\/#website\"},\"primaryImageOfPage\":{\"@id\":\"https:\\\/\\\/carillons053.nl\\\/programma-3-oktober-2025\\\/#primaryimage\"},\"image\":{\"@id\":\"https:\\\/\\\/carillons053.nl\\\/programma-3-oktober-2025\\\/#primaryimage\"},\"thumbnailUrl\":\"https:\\\/\\\/carillons053.nl\\\/wp-content\\\/uploads\\\/2026\\\/02\\\/logo_fonds_2-1024x167.jpg\",\"datePublished\":\"2025-09-20T21:45:40+00:00\",\"dateModified\":\"2026-03-15T17:47:31+00:00\",\"breadcrumb\":{\"@id\":\"https:\\\/\\\/carillons053.nl\\\/programma-3-oktober-2025\\\/#breadcrumb\"},\"inLanguage\":\"en-US\",\"potentialAction\":[{\"@type\":\"ReadAction\",\"target\":[\"https:\\\/\\\/carillons053.nl\\\/programma-3-oktober-2025\\\/\"]}]},{\"@type\":\"ImageObject\",\"inLanguage\":\"en-US\",\"@id\":\"https:\\\/\\\/carillons053.nl\\\/programma-3-oktober-2025\\\/#primaryimage\",\"url\":\"https:\\\/\\\/carillons053.nl\\\/wp-content\\\/uploads\\\/2026\\\/02\\\/logo_fonds_2-1024x167.jpg\",\"contentUrl\":\"https:\\\/\\\/carillons053.nl\\\/wp-content\\\/uploads\\\/2026\\\/02\\\/logo_fonds_2-1024x167.jpg\"},{\"@type\":\"BreadcrumbList\",\"@id\":\"https:\\\/\\\/carillons053.nl\\\/programma-3-oktober-2025\\\/#breadcrumb\",\"itemListElement\":[{\"@type\":\"ListItem\",\"position\":1,\"name\":\"Home\",\"item\":\"https:\\\/\\\/carillons053.nl\\\/\"},{\"@type\":\"ListItem\",\"position\":2,\"name\":\"Programma 3 oktober 2025\"}]},{\"@type\":\"WebSite\",\"@id\":\"https:\\\/\\\/carillons053.nl\\\/#website\",\"url\":\"https:\\\/\\\/carillons053.nl\\\/\",\"name\":\"Stichting Enschedese Carillons\",\"description\":\"\",\"potentialAction\":[{\"@type\":\"SearchAction\",\"target\":{\"@type\":\"EntryPoint\",\"urlTemplate\":\"https:\\\/\\\/carillons053.nl\\\/?s={search_term_string}\"},\"query-input\":{\"@type\":\"PropertyValueSpecification\",\"valueRequired\":true,\"valueName\":\"search_term_string\"}}],\"inLanguage\":\"en-US\"}]}<\/script>\n<!-- \/ Yoast SEO plugin. -->","yoast_head_json":{"title":"Programma 3 oktober 2025 - Stichting Enschedese Carillons","robots":{"index":"noindex","follow":"follow","max-snippet":"max-snippet:-1","max-image-preview":"max-image-preview:large","max-video-preview":"max-video-preview:-1"},"og_locale":"en_US","og_type":"article","og_title":"Programma 3 oktober 2025 - Stichting Enschedese Carillons","og_description":"Op vrijdag 3 oktober om 12:30 uur vond een bijzonder Carillonfestijn plaats op de campus van de Universiteit Twente. Studenten, medewerkers en alumni van de Universiteit Twente verzorgden samen met de leerlingen uit groep 3 t\/m 8 van basisschool De Zonnewijzer uit Enschede een internationaal getint optreden op de CampusBeiaard. De 14 liedjes die tijdens &hellip; Continue reading Programma 3 oktober 2025 &rarr;","og_url":"https:\/\/carillons053.nl\/en\/programma-3-oktober-2025\/","og_site_name":"Stichting Enschedese Carillons","article_modified_time":"2026-03-15T17:47:31+00:00","og_image":[{"url":"https:\/\/carillons053.nl\/wp-content\/uploads\/2026\/02\/logo_fonds_2-1024x167.jpg","type":"","width":"","height":""}],"twitter_card":"summary_large_image","twitter_misc":{"Est. reading time":"3 minutes"},"schema":{"@context":"https:\/\/schema.org","@graph":[{"@type":"WebPage","@id":"https:\/\/carillons053.nl\/programma-3-oktober-2025\/","url":"https:\/\/carillons053.nl\/programma-3-oktober-2025\/","name":"Programma 3 oktober 2025 - Stichting Enschedese Carillons","isPartOf":{"@id":"https:\/\/carillons053.nl\/#website"},"primaryImageOfPage":{"@id":"https:\/\/carillons053.nl\/programma-3-oktober-2025\/#primaryimage"},"image":{"@id":"https:\/\/carillons053.nl\/programma-3-oktober-2025\/#primaryimage"},"thumbnailUrl":"https:\/\/carillons053.nl\/wp-content\/uploads\/2026\/02\/logo_fonds_2-1024x167.jpg","datePublished":"2025-09-20T21:45:40+00:00","dateModified":"2026-03-15T17:47:31+00:00","breadcrumb":{"@id":"https:\/\/carillons053.nl\/programma-3-oktober-2025\/#breadcrumb"},"inLanguage":"en-US","potentialAction":[{"@type":"ReadAction","target":["https:\/\/carillons053.nl\/programma-3-oktober-2025\/"]}]},{"@type":"ImageObject","inLanguage":"en-US","@id":"https:\/\/carillons053.nl\/programma-3-oktober-2025\/#primaryimage","url":"https:\/\/carillons053.nl\/wp-content\/uploads\/2026\/02\/logo_fonds_2-1024x167.jpg","contentUrl":"https:\/\/carillons053.nl\/wp-content\/uploads\/2026\/02\/logo_fonds_2-1024x167.jpg"},{"@type":"BreadcrumbList","@id":"https:\/\/carillons053.nl\/programma-3-oktober-2025\/#breadcrumb","itemListElement":[{"@type":"ListItem","position":1,"name":"Home","item":"https:\/\/carillons053.nl\/"},{"@type":"ListItem","position":2,"name":"Programma 3 oktober 2025"}]},{"@type":"WebSite","@id":"https:\/\/carillons053.nl\/#website","url":"https:\/\/carillons053.nl\/","name":"Enschede Carillon Society","description":"","potentialAction":[{"@type":"SearchAction","target":{"@type":"EntryPoint","urlTemplate":"https:\/\/carillons053.nl\/?s={search_term_string}"},"query-input":{"@type":"PropertyValueSpecification","valueRequired":true,"valueName":"search_term_string"}}],"inLanguage":"en-US"}]}},"_links":{"self":[{"href":"https:\/\/carillons053.nl\/en\/wp-json\/wp\/v2\/pages\/1301","targetHints":{"allow":["GET"]}}],"collection":[{"href":"https:\/\/carillons053.nl\/en\/wp-json\/wp\/v2\/pages"}],"about":[{"href":"https:\/\/carillons053.nl\/en\/wp-json\/wp\/v2\/types\/page"}],"author":[{"embeddable":true,"href":"https:\/\/carillons053.nl\/en\/wp-json\/wp\/v2\/users\/2"}],"replies":[{"embeddable":true,"href":"https:\/\/carillons053.nl\/en\/wp-json\/wp\/v2\/comments?post=1301"}],"version-history":[{"count":33,"href":"https:\/\/carillons053.nl\/en\/wp-json\/wp\/v2\/pages\/1301\/revisions"}],"predecessor-version":[{"id":2434,"href":"https:\/\/carillons053.nl\/en\/wp-json\/wp\/v2\/pages\/1301\/revisions\/2434"}],"wp:attachment":[{"href":"https:\/\/carillons053.nl\/en\/wp-json\/wp\/v2\/media?parent=1301"}],"curies":[{"name":"wp","href":"https:\/\/api.w.org\/{rel}","templated":true}]}}